{"id":2768,"date":"2025-05-07T10:12:35","date_gmt":"2025-05-07T09:12:35","guid":{"rendered":"https:\/\/www.oetinger.net\/?page_id=2768"},"modified":"2026-02-26T12:30:12","modified_gmt":"2026-02-26T12:30:12","slug":"clovece-recykluj","status":"publish","type":"page","link":"https:\/\/www.oetinger.net\/cs\/clovece-recykluj\/","title":{"rendered":"\u010clov\u011b\u010de, recykluj"},"content":{"rendered":"<h2>\u267b\ufe0f O projektu<\/h2>\n<p><strong>\u010clov\u011b\u010de, recykluj<\/strong> je vzd\u011bl\u00e1vac\u00ed a ekologick\u00fd projekt zam\u011b\u0159en\u00fd na \u017e\u00e1ky z\u00e1kladn\u00edch \u0161kol, kter\u00fd podporuje sb\u011br a recyklaci hlin\u00edkov\u00fdch obal\u016f. C\u00edlem projektu je v\u00e9st d\u011bti k odpov\u011bdn\u00e9mu p\u0159\u00edstupu k \u017eivotn\u00edmu prost\u0159ed\u00ed a uk\u00e1zat jim, \u017ee i mal\u00e9 kroky mohou m\u00edt velk\u00fd dopad.<\/p>\n<p>Projekt m\u00e1 dlouholetou tradici a od \u0161koln\u00edho roku 2024\/2025 jej s hrdost\u00ed organizuje spole\u010dnost <strong>OETINGER CZ<\/strong>, specialista na v\u00fdrobu slitin z recyklovan\u00e9ho hlin\u00edku. Spole\u010dnost OETINGER CZ p\u0159evzala spr\u00e1vu nad projektem \u010cLOV\u011a\u010cE, RECYKLUJ od sestersk\u00e9 spole\u010dnosti METAL TRADE COMAX a.s. a ji\u017e <strong>9. rokem \u00fasp\u011b\u0161n\u011b zapojuje \u0161koly do sb\u011bru hlin\u00edkov\u00fdch odpad\u016f z dom\u00e1cnost\u00ed.<\/strong><\/p>\n<p><strong>Hlin\u00edk je materi\u00e1l, kter\u00fd lze recyklovat opakovan\u011b bez ztr\u00e1ty kvality, a jeho recyklace \u0161et\u0159\u00ed a\u017e 95 % energie oproti v\u00fdrob\u011b<\/strong> <strong>z prim\u00e1rn\u00edch surovin.<\/strong><\/p>\n<p><img loading=\"lazy\" decoding=\"async\" class=\"alignnone size-medium wp-image-2770\" src=\"https:\/\/www.oetinger.net\/wp-content\/uploads\/2025\/05\/can-3877851_1920-300x200.jpg\" alt=\"\" width=\"300\" height=\"200\" srcset=\"https:\/\/www.oetinger.net\/wp-content\/uploads\/2025\/05\/can-3877851_1920-300x200.jpg 300w, https:\/\/www.oetinger.net\/wp-content\/uploads\/2025\/05\/can-3877851_1920-1024x683.jpg 1024w, https:\/\/www.oetinger.net\/wp-content\/uploads\/2025\/05\/can-3877851_1920-768x512.jpg 768w, https:\/\/www.oetinger.net\/wp-content\/uploads\/2025\/05\/can-3877851_1920-1536x1024.jpg 1536w, https:\/\/www.oetinger.net\/wp-content\/uploads\/2025\/05\/can-3877851_1920.jpg 1920w\" sizes=\"auto, (max-width: 300px) 100vw, 300px\" \/><img loading=\"lazy\" decoding=\"async\" class=\"alignnone size-medium wp-image-2891\" src=\"https:\/\/www.oetinger.net\/wp-content\/uploads\/2025\/05\/can-5071658_1920-300x200.jpg\" alt=\"\" width=\"300\" height=\"200\" srcset=\"https:\/\/www.oetinger.net\/wp-content\/uploads\/2025\/05\/can-5071658_1920-300x200.jpg 300w, https:\/\/www.oetinger.net\/wp-content\/uploads\/2025\/05\/can-5071658_1920-1024x683.jpg 1024w, https:\/\/www.oetinger.net\/wp-content\/uploads\/2025\/05\/can-5071658_1920-768x512.jpg 768w, https:\/\/www.oetinger.net\/wp-content\/uploads\/2025\/05\/can-5071658_1920-1536x1024.jpg 1536w, https:\/\/www.oetinger.net\/wp-content\/uploads\/2025\/05\/can-5071658_1920.jpg 1920w\" sizes=\"auto, (max-width: 300px) 100vw, 300px\" \/><\/p>\n<p>Ve \u0161koln\u00edm roce 2024\/2025 se do projektu zapojilo 101\u00a0 \u0161kol z cel\u00e9ho St\u0159edo\u010desk\u00e9ho kraje. T\u011b\u0161\u00ed n\u00e1s z\u00e1jem o vylep\u0161ov\u00e1n\u00ed \u017eivotn\u00ed prost\u0159ed\u00ed a v\u0161em aktivn\u00edm \u0161kol\u00e1m d\u011bkujeme.<\/p>\n<h3>Pod\u00edvejte se, jak d\u011bti ze Z\u0160 Velvary nafilmovali vlastn\u00ed exkurzi u n\u00e1s v provozu:<\/h3>\n<p>Zde pros\u00edm vlo\u017e to Youtube video s detmi co jsem ti ukazovala<\/p>\n<p>Dne 25. \u010dervna 2025 spole\u010dn\u011b oslav\u00edme v\u00fdsledky leto\u0161n\u00edho ro\u010dn\u00edku\u00a0 p\u0159i slavnostn\u00edm setk\u00e1n\u00ed v modern\u00edm prost\u0159ed\u00ed hutn\u00ed v\u00fdroby OETINGER CZ u n\u00e1s ve Velvarech. Ji\u017e nyn\u00ed se t\u011b\u0161\u00edme na setk\u00e1n\u00ed se z\u00e1stupci \u0161kol i d\u011btmi!<\/p>\n<h3>\ud83c\udfeb Jak to funguje?<\/h3>\n<ol>\n<li><strong>P\u0159ihl\u00e1\u0161en\u00ed \u0161koly<\/strong>: Z\u00e1kladn\u00ed \u0161kola se p\u0159ihl\u00e1s\u00ed do projektu prost\u0159ednictv\u00edm kontaktn\u00edho e-mailu nebo telefonu.<\/li>\n<li><strong>Sb\u011brn\u00e1 n\u00e1doba<\/strong>: \u0160kola obdr\u017e\u00ed od n\u00e1s ozna\u010denou sb\u011brnou n\u00e1dobu, do kter\u00e9 \u017e\u00e1ci sb\u00edraj\u00ed hlin\u00edkov\u00fd odpad z dom\u00e1cnost\u00ed.<\/li>\n<li><strong>Svoz a v\u00e1\u017een\u00ed<\/strong>: Po napln\u011bn\u00ed n\u00e1doby n\u00e1s \u0161kola kontaktuje, my n\u00e1dobu vyzvedneme, zv\u00e1\u017e\u00edme obsah a zaznamen\u00e1me v\u00fdsledky.<\/li>\n<li><strong>Vyhodnocen\u00ed<\/strong>: Na konci \u0161koln\u00edho roku vyhodnot\u00edme v\u00fdsledky sb\u011bru a odm\u011bn\u00edme nejaktivn\u011bj\u0161\u00ed \u0161koly.<\/li>\n<\/ol>\n<h3>\ud83e\udd47 Co sb\u00edr\u00e1te a my recyklujeme?<\/h3>\n<ul>\n<li>Hlin\u00edkov\u00e9 plechovky od n\u00e1poj\u016f<\/li>\n<li>V\u00ed\u010dka od jogurt\u016f a zava\u0159enin<\/li>\n<li>Alobaly<\/li>\n<li>Obaly od deodorant\u016f a holic\u00edch p\u011bn<\/li>\n<li>Hlin\u00edkov\u00e9 n\u00e1dob\u00ed (e\u0161usy, hrnky)<\/li>\n<\/ul>\n<p><img loading=\"lazy\" decoding=\"async\" class=\"alignnone size-medium wp-image-2802\" src=\"https:\/\/www.oetinger.net\/wp-content\/uploads\/2025\/05\/coca-cola-1218688_1920-300x198.jpg\" alt=\"\" width=\"300\" height=\"198\" srcset=\"https:\/\/www.oetinger.net\/wp-content\/uploads\/2025\/05\/coca-cola-1218688_1920-300x198.jpg 300w, https:\/\/www.oetinger.net\/wp-content\/uploads\/2025\/05\/coca-cola-1218688_1920-1024x677.jpg 1024w, https:\/\/www.oetinger.net\/wp-content\/uploads\/2025\/05\/coca-cola-1218688_1920-768x508.jpg 768w, https:\/\/www.oetinger.net\/wp-content\/uploads\/2025\/05\/coca-cola-1218688_1920-1536x1015.jpg 1536w, https:\/\/www.oetinger.net\/wp-content\/uploads\/2025\/05\/coca-cola-1218688_1920.jpg 1920w\" sizes=\"auto, (max-width: 300px) 100vw, 300px\" \/> <img loading=\"lazy\" decoding=\"async\" class=\"alignnone size-medium wp-image-2808\" src=\"https:\/\/www.oetinger.net\/wp-content\/uploads\/2025\/05\/cans-1679022_1920-300x197.jpg\" alt=\"\" width=\"300\" height=\"197\" srcset=\"https:\/\/www.oetinger.net\/wp-content\/uploads\/2025\/05\/cans-1679022_1920-300x197.jpg 300w, https:\/\/www.oetinger.net\/wp-content\/uploads\/2025\/05\/cans-1679022_1920-1024x674.jpg 1024w, https:\/\/www.oetinger.net\/wp-content\/uploads\/2025\/05\/cans-1679022_1920-768x505.jpg 768w, https:\/\/www.oetinger.net\/wp-content\/uploads\/2025\/05\/cans-1679022_1920-1536x1010.jpg 1536w, https:\/\/www.oetinger.net\/wp-content\/uploads\/2025\/05\/cans-1679022_1920.jpg 1920w\" sizes=\"auto, (max-width: 300px) 100vw, 300px\" \/><\/p>\n<h3>\ud83c\udf89 Vyhodnocen\u00ed a odm\u011bny<\/h3>\n<p>Sb\u011br prob\u00edh\u00e1 b\u011bhem cel\u00e9ho \u0161koln\u00edho roku a na jeho konci vyhodnocujeme v\u00fdsledky. Nej\u00fasp\u011b\u0161n\u011bj\u0161\u00ed \u0161koly jsou pozv\u00e1ny na exkurzi do na\u0161\u00ed hlin\u00edkov\u00e9 hut\u011b ve Velvarech, kde se \u017e\u00e1ci sezn\u00e1m\u00ed s procesem recyklace hlin\u00edku. Nav\u00edc nejaktivn\u011bj\u0161\u00ed \u0161koly obdr\u017e\u00ed hodnotn\u00e9 ceny jako pod\u011bkov\u00e1n\u00ed za jejich \u00fasil\u00ed.<\/p>\n<p><img loading=\"lazy\" decoding=\"async\" class=\"alignnone size-medium wp-image-2805\" src=\"https:\/\/www.oetinger.net\/wp-content\/uploads\/2025\/05\/kids-7011452_1920-300x200.jpg\" alt=\"\" width=\"300\" height=\"200\" srcset=\"https:\/\/www.oetinger.net\/wp-content\/uploads\/2025\/05\/kids-7011452_1920-300x200.jpg 300w, https:\/\/www.oetinger.net\/wp-content\/uploads\/2025\/05\/kids-7011452_1920-1024x684.jpg 1024w, https:\/\/www.oetinger.net\/wp-content\/uploads\/2025\/05\/kids-7011452_1920-768x513.jpg 768w, https:\/\/www.oetinger.net\/wp-content\/uploads\/2025\/05\/kids-7011452_1920-1536x1026.jpg 1536w, https:\/\/www.oetinger.net\/wp-content\/uploads\/2025\/05\/kids-7011452_1920.jpg 1920w\" sizes=\"auto, (max-width: 300px) 100vw, 300px\" \/><\/p>\n<h3>\ud83d\udcde Chcete se zapojit?<\/h3>\n<p>Pokud m\u00e1te z\u00e1jem o \u00fa\u010dast v projektu <strong>\u010clov\u011b\u010de, recykluj<\/strong>, nev\u00e1hejte n\u00e1s kontaktovat:<\/p>\n<ul>\n<li><strong>E-mail<\/strong>: clovece-recykluj@oetinger.net<\/li>\n<li><strong>Telefon<\/strong>: +420 732 763 919<\/li>\n<\/ul>\n<p><strong>Pravidla pro \u00fa\u010dast:<\/strong><\/p>\n<p><img loading=\"lazy\" decoding=\"async\" class=\"size-medium wp-image-782 aligncenter\" src=\"https:\/\/www.oetinger.net\/wp-content\/uploads\/2023\/10\/Production_Oetinger-CZ_Velvary_4-169x300.webp\" alt=\"\" width=\"169\" height=\"300\" srcset=\"https:\/\/www.oetinger.net\/wp-content\/uploads\/2023\/10\/Production_Oetinger-CZ_Velvary_4-169x300.webp 169w, https:\/\/www.oetinger.net\/wp-content\/uploads\/2023\/10\/Production_Oetinger-CZ_Velvary_4-576x1024.webp 576w, https:\/\/www.oetinger.net\/wp-content\/uploads\/2023\/10\/Production_Oetinger-CZ_Velvary_4-768x1365.webp 768w, https:\/\/www.oetinger.net\/wp-content\/uploads\/2023\/10\/Production_Oetinger-CZ_Velvary_4-864x1536.webp 864w, https:\/\/www.oetinger.net\/wp-content\/uploads\/2023\/10\/Production_Oetinger-CZ_Velvary_4-1152x2048.webp 1152w, https:\/\/www.oetinger.net\/wp-content\/uploads\/2023\/10\/Production_Oetinger-CZ_Velvary_4-scaled.webp 1440w\" sizes=\"auto, (max-width: 169px) 100vw, 169px\" \/><br \/>\nPrincip je jednoduch\u00fd. Obdr\u017e\u00edte od n\u00e1s ozna\u010denou sb\u011brnou n\u00e1dobu, tu spolu s d\u011btmi napln\u00edte hlin\u00edkov\u00fdm odpadem, my ji na zavol\u00e1n\u00ed vyzvedneme, zv\u00e1\u017e\u00edme a v\u00e1hu zaznamen\u00e1me. T\u0159\u00edd\u00e1m, jejich\u017e u\u010debn\u00ed osnovy po\u010d\u00edtaj\u00ed s v\u00fdchovou k p\u00e9\u010di o \u017eivotn\u00ed prost\u0159ed\u00ed, <strong>poskytujeme motiva\u010dn\u00ed n\u00e1v\u0161t\u011bvu s interaktivn\u00ed uk\u00e1zkou recyklace hlin\u00edku<\/strong> &#8211; r\u00e1di ji nab\u00eddneme i Va\u0161\u00ed \u0161kole. Sb\u011br vyhodnot\u00edme v \u010dervnu na konci \u0161koln\u00edho roku a nejen v\u00edt\u011bze pozveme na \u017eivou exkurzi do modern\u00edho prost\u0159ed\u00ed recyklace hlin\u00edkov\u00fdch odpad\u016f u n\u00e1s ve Velvarech a nejlep\u0161\u00ed sb\u011bra\u010de ocen\u00edme hodnotn\u00fdmi cenami.<\/p>\n<p>Spole\u010dn\u011b m\u016f\u017eeme p\u0159isp\u011bt k lep\u0161\u00edmu \u017eivotn\u00edmu prost\u0159ed\u00ed a uk\u00e1zat d\u011btem, \u017ee recyklace m\u00e1 smysl!<\/p>\n<hr \/>\n<p>Pokud byste pot\u0159ebovali dal\u0161\u00ed informace nebo materi\u00e1ly k projektu, r\u00e1di v\u00e1m je poskytneme.<\/p>\n<p>KONTAKT pro sb\u011br a svoz hlin\u00edkov\u00e9ho odpadu:<\/p>\n<p>email: clovece-recykluj@oetinger.net<\/p>\n<p>tel: <a href=\"tel:+420 732 763 919\">+420 732 763 919<\/a><\/p>\n<p>ODBORN\u00dd GARANT PROJEKTU<\/p>\n<p>Miloslav \u0160kabrada<\/p>\n<p>miloslav.skabrada@oetinger.net<\/p>\n<p><img loading=\"lazy\" decoding=\"async\" class=\"alignnone size-medium wp-image-564\" src=\"https:\/\/www.oetinger.net\/wp-content\/uploads\/2023\/09\/Miloslav-Skabrada_Oetinger-Aluminium-CZ_Plant-Manager-CZ-300x300.webp\" alt=\"\" width=\"300\" height=\"300\" srcset=\"https:\/\/www.oetinger.net\/wp-content\/uploads\/2023\/09\/Miloslav-Skabrada_Oetinger-Aluminium-CZ_Plant-Manager-CZ-300x300.webp 300w, https:\/\/www.oetinger.net\/wp-content\/uploads\/2023\/09\/Miloslav-Skabrada_Oetinger-Aluminium-CZ_Plant-Manager-CZ-150x150.webp 150w, https:\/\/www.oetinger.net\/wp-content\/uploads\/2023\/09\/Miloslav-Skabrada_Oetinger-Aluminium-CZ_Plant-Manager-CZ.webp 496w\" sizes=\"auto, (max-width: 300px) 100vw, 300px\" \/><\/p>\n<p>&nbsp;<\/p>\n\n\t\t<style type=\"text\/css\">\n\t\t\t#gallery-1 {\n\t\t\t\tmargin: auto;\n\t\t\t}\n\t\t\t#gallery-1 .gallery-item {\n\t\t\t\tfloat: left;\n\t\t\t\tmargin-top: 10px;\n\t\t\t\ttext-align: center;\n\t\t\t\twidth: 16%;\n\t\t\t}\n\t\t\t#gallery-1 img {\n\t\t\t\tborder: 2px solid #cfcfcf;\n\t\t\t}\n\t\t\t#gallery-1 .gallery-caption {\n\t\t\t\tmargin-left: 0;\n\t\t\t}\n\t\t\t\/* see gallery_shortcode() in wp-includes\/media.php *\/\n\t\t<\/style>\n\t\t<div id='gallery-1' class='gallery galleryid-2768 gallery-columns-6 gallery-size-medium'><dl class='gallery-item'>\n\t\t\t<dt class='gallery-icon portrait'>\n\t\t\t\t<a href='https:\/\/www.oetinger.net\/wp-content\/uploads\/2025\/08\/IMG_9027-scaled.jpeg'><img loading=\"lazy\" decoding=\"async\" width=\"225\" height=\"300\" src=\"https:\/\/www.oetinger.net\/wp-content\/uploads\/2025\/08\/IMG_9027-225x300.jpeg\" class=\"attachment-medium size-medium\" alt=\"\" srcset=\"https:\/\/www.oetinger.net\/wp-content\/uploads\/2025\/08\/IMG_9027-225x300.jpeg 225w, https:\/\/www.oetinger.net\/wp-content\/uploads\/2025\/08\/IMG_9027-768x1024.jpeg 768w, https:\/\/www.oetinger.net\/wp-content\/uploads\/2025\/08\/IMG_9027-1152x1536.jpeg 1152w, https:\/\/www.oetinger.net\/wp-content\/uploads\/2025\/08\/IMG_9027-1536x2048.jpeg 1536w, https:\/\/www.oetinger.net\/wp-content\/uploads\/2025\/08\/IMG_9027-scaled.jpeg 1920w\" sizes=\"auto, (max-width: 225px) 100vw, 225px\" \/><\/a>\n\t\t\t<\/dt><\/dl><dl class='gallery-item'>\n\t\t\t<dt class='gallery-icon portrait'>\n\t\t\t\t<a href='https:\/\/www.oetinger.net\/wp-content\/uploads\/2025\/08\/IMG_9035-scaled.jpeg'><img loading=\"lazy\" decoding=\"async\" width=\"225\" height=\"300\" src=\"https:\/\/www.oetinger.net\/wp-content\/uploads\/2025\/08\/IMG_9035-225x300.jpeg\" class=\"attachment-medium size-medium\" alt=\"\" srcset=\"https:\/\/www.oetinger.net\/wp-content\/uploads\/2025\/08\/IMG_9035-225x300.jpeg 225w, https:\/\/www.oetinger.net\/wp-content\/uploads\/2025\/08\/IMG_9035-768x1024.jpeg 768w, https:\/\/www.oetinger.net\/wp-content\/uploads\/2025\/08\/IMG_9035-1152x1536.jpeg 1152w, https:\/\/www.oetinger.net\/wp-content\/uploads\/2025\/08\/IMG_9035-1536x2048.jpeg 1536w, https:\/\/www.oetinger.net\/wp-content\/uploads\/2025\/08\/IMG_9035-scaled.jpeg 1920w\" sizes=\"auto, (max-width: 225px) 100vw, 225px\" \/><\/a>\n\t\t\t<\/dt><\/dl><dl class='gallery-item'>\n\t\t\t<dt class='gallery-icon portrait'>\n\t\t\t\t<a href='https:\/\/www.oetinger.net\/wp-content\/uploads\/2025\/08\/IMG_9011-scaled.jpeg'><img loading=\"lazy\" decoding=\"async\" width=\"225\" height=\"300\" src=\"https:\/\/www.oetinger.net\/wp-content\/uploads\/2025\/08\/IMG_9011-225x300.jpeg\" class=\"attachment-medium size-medium\" alt=\"\" srcset=\"https:\/\/www.oetinger.net\/wp-content\/uploads\/2025\/08\/IMG_9011-225x300.jpeg 225w, https:\/\/www.oetinger.net\/wp-content\/uploads\/2025\/08\/IMG_9011-768x1024.jpeg 768w, https:\/\/www.oetinger.net\/wp-content\/uploads\/2025\/08\/IMG_9011-1152x1536.jpeg 1152w, https:\/\/www.oetinger.net\/wp-content\/uploads\/2025\/08\/IMG_9011-1536x2048.jpeg 1536w, https:\/\/www.oetinger.net\/wp-content\/uploads\/2025\/08\/IMG_9011-scaled.jpeg 1920w\" sizes=\"auto, (max-width: 225px) 100vw, 225px\" \/><\/a>\n\t\t\t<\/dt><\/dl><dl class='gallery-item'>\n\t\t\t<dt class='gallery-icon portrait'>\n\t\t\t\t<a href='https:\/\/www.oetinger.net\/wp-content\/uploads\/2025\/08\/IMG_9013-scaled.jpeg'><img loading=\"lazy\" decoding=\"async\" width=\"225\" height=\"300\" src=\"https:\/\/www.oetinger.net\/wp-content\/uploads\/2025\/08\/IMG_9013-225x300.jpeg\" class=\"attachment-medium size-medium\" alt=\"\" srcset=\"https:\/\/www.oetinger.net\/wp-content\/uploads\/2025\/08\/IMG_9013-225x300.jpeg 225w, https:\/\/www.oetinger.net\/wp-content\/uploads\/2025\/08\/IMG_9013-768x1024.jpeg 768w, https:\/\/www.oetinger.net\/wp-content\/uploads\/2025\/08\/IMG_9013-1152x1536.jpeg 1152w, https:\/\/www.oetinger.net\/wp-content\/uploads\/2025\/08\/IMG_9013-1536x2048.jpeg 1536w, https:\/\/www.oetinger.net\/wp-content\/uploads\/2025\/08\/IMG_9013-scaled.jpeg 1920w\" sizes=\"auto, (max-width: 225px) 100vw, 225px\" \/><\/a>\n\t\t\t<\/dt><\/dl><dl class='gallery-item'>\n\t\t\t<dt class='gallery-icon portrait'>\n\t\t\t\t<a href='https:\/\/www.oetinger.net\/wp-content\/uploads\/2025\/08\/IMG_9039-scaled.jpeg'><img loading=\"lazy\" decoding=\"async\" width=\"225\" height=\"300\" src=\"https:\/\/www.oetinger.net\/wp-content\/uploads\/2025\/08\/IMG_9039-225x300.jpeg\" class=\"attachment-medium size-medium\" alt=\"\" srcset=\"https:\/\/www.oetinger.net\/wp-content\/uploads\/2025\/08\/IMG_9039-225x300.jpeg 225w, https:\/\/www.oetinger.net\/wp-content\/uploads\/2025\/08\/IMG_9039-768x1024.jpeg 768w, https:\/\/www.oetinger.net\/wp-content\/uploads\/2025\/08\/IMG_9039-1152x1536.jpeg 1152w, https:\/\/www.oetinger.net\/wp-content\/uploads\/2025\/08\/IMG_9039-1536x2048.jpeg 1536w, https:\/\/www.oetinger.net\/wp-content\/uploads\/2025\/08\/IMG_9039-scaled.jpeg 1920w\" sizes=\"auto, (max-width: 225px) 100vw, 225px\" \/><\/a>\n\t\t\t<\/dt><\/dl><dl class='gallery-item'>\n\t\t\t<dt class='gallery-icon portrait'>\n\t\t\t\t<a href='https:\/\/www.oetinger.net\/wp-content\/uploads\/2025\/08\/IMG_9069-scaled.jpeg'><img loading=\"lazy\" decoding=\"async\" width=\"225\" height=\"300\" src=\"https:\/\/www.oetinger.net\/wp-content\/uploads\/2025\/08\/IMG_9069-225x300.jpeg\" class=\"attachment-medium size-medium\" alt=\"\" srcset=\"https:\/\/www.oetinger.net\/wp-content\/uploads\/2025\/08\/IMG_9069-225x300.jpeg 225w, https:\/\/www.oetinger.net\/wp-content\/uploads\/2025\/08\/IMG_9069-768x1024.jpeg 768w, https:\/\/www.oetinger.net\/wp-content\/uploads\/2025\/08\/IMG_9069-1152x1536.jpeg 1152w, https:\/\/www.oetinger.net\/wp-content\/uploads\/2025\/08\/IMG_9069-1536x2048.jpeg 1536w, https:\/\/www.oetinger.net\/wp-content\/uploads\/2025\/08\/IMG_9069-scaled.jpeg 1920w\" sizes=\"auto, (max-width: 225px) 100vw, 225px\" \/><\/a>\n\t\t\t<\/dt><\/dl><br style=\"clear: both\" \/><dl class='gallery-item'>\n\t\t\t<dt class='gallery-icon portrait'>\n\t\t\t\t<a href='https:\/\/www.oetinger.net\/wp-content\/uploads\/2025\/08\/IMG_9075-scaled.jpeg'><img loading=\"lazy\" decoding=\"async\" width=\"225\" height=\"300\" src=\"https:\/\/www.oetinger.net\/wp-content\/uploads\/2025\/08\/IMG_9075-225x300.jpeg\" class=\"attachment-medium size-medium\" alt=\"\" srcset=\"https:\/\/www.oetinger.net\/wp-content\/uploads\/2025\/08\/IMG_9075-225x300.jpeg 225w, https:\/\/www.oetinger.net\/wp-content\/uploads\/2025\/08\/IMG_9075-768x1024.jpeg 768w, https:\/\/www.oetinger.net\/wp-content\/uploads\/2025\/08\/IMG_9075-1152x1536.jpeg 1152w, https:\/\/www.oetinger.net\/wp-content\/uploads\/2025\/08\/IMG_9075-1536x2048.jpeg 1536w, https:\/\/www.oetinger.net\/wp-content\/uploads\/2025\/08\/IMG_9075-scaled.jpeg 1920w\" sizes=\"auto, (max-width: 225px) 100vw, 225px\" \/><\/a>\n\t\t\t<\/dt><\/dl><dl class='gallery-item'>\n\t\t\t<dt class='gallery-icon portrait'>\n\t\t\t\t<a href='https:\/\/www.oetinger.net\/wp-content\/uploads\/2025\/08\/IMG_9136-scaled.jpeg'><img loading=\"lazy\" decoding=\"async\" width=\"225\" height=\"300\" src=\"https:\/\/www.oetinger.net\/wp-content\/uploads\/2025\/08\/IMG_9136-225x300.jpeg\" class=\"attachment-medium size-medium\" alt=\"\" srcset=\"https:\/\/www.oetinger.net\/wp-content\/uploads\/2025\/08\/IMG_9136-225x300.jpeg 225w, https:\/\/www.oetinger.net\/wp-content\/uploads\/2025\/08\/IMG_9136-768x1024.jpeg 768w, https:\/\/www.oetinger.net\/wp-content\/uploads\/2025\/08\/IMG_9136-1152x1536.jpeg 1152w, https:\/\/www.oetinger.net\/wp-content\/uploads\/2025\/08\/IMG_9136-1536x2048.jpeg 1536w, https:\/\/www.oetinger.net\/wp-content\/uploads\/2025\/08\/IMG_9136-scaled.jpeg 1920w\" sizes=\"auto, (max-width: 225px) 100vw, 225px\" \/><\/a>\n\t\t\t<\/dt><\/dl><dl class='gallery-item'>\n\t\t\t<dt class='gallery-icon portrait'>\n\t\t\t\t<a href='https:\/\/www.oetinger.net\/wp-content\/uploads\/2025\/08\/IMG_9131-scaled.jpeg'><img loading=\"lazy\" decoding=\"async\" width=\"225\" height=\"300\" src=\"https:\/\/www.oetinger.net\/wp-content\/uploads\/2025\/08\/IMG_9131-225x300.jpeg\" class=\"attachment-medium size-medium\" alt=\"\" srcset=\"https:\/\/www.oetinger.net\/wp-content\/uploads\/2025\/08\/IMG_9131-225x300.jpeg 225w, https:\/\/www.oetinger.net\/wp-content\/uploads\/2025\/08\/IMG_9131-768x1024.jpeg 768w, https:\/\/www.oetinger.net\/wp-content\/uploads\/2025\/08\/IMG_9131-1152x1536.jpeg 1152w, https:\/\/www.oetinger.net\/wp-content\/uploads\/2025\/08\/IMG_9131-1536x2048.jpeg 1536w, https:\/\/www.oetinger.net\/wp-content\/uploads\/2025\/08\/IMG_9131-scaled.jpeg 1920w\" sizes=\"auto, (max-width: 225px) 100vw, 225px\" \/><\/a>\n\t\t\t<\/dt><\/dl><dl class='gallery-item'>\n\t\t\t<dt class='gallery-icon portrait'>\n\t\t\t\t<a href='https:\/\/www.oetinger.net\/wp-content\/uploads\/2025\/08\/IMG_9117-scaled.jpeg'><img loading=\"lazy\" decoding=\"async\" width=\"225\" height=\"300\" src=\"https:\/\/www.oetinger.net\/wp-content\/uploads\/2025\/08\/IMG_9117-225x300.jpeg\" class=\"attachment-medium size-medium\" alt=\"\" srcset=\"https:\/\/www.oetinger.net\/wp-content\/uploads\/2025\/08\/IMG_9117-225x300.jpeg 225w, https:\/\/www.oetinger.net\/wp-content\/uploads\/2025\/08\/IMG_9117-768x1024.jpeg 768w, https:\/\/www.oetinger.net\/wp-content\/uploads\/2025\/08\/IMG_9117-1152x1536.jpeg 1152w, https:\/\/www.oetinger.net\/wp-content\/uploads\/2025\/08\/IMG_9117-1536x2048.jpeg 1536w, https:\/\/www.oetinger.net\/wp-content\/uploads\/2025\/08\/IMG_9117-scaled.jpeg 1920w\" sizes=\"auto, (max-width: 225px) 100vw, 225px\" \/><\/a>\n\t\t\t<\/dt><\/dl><dl class='gallery-item'>\n\t\t\t<dt class='gallery-icon portrait'>\n\t\t\t\t<a href='https:\/\/www.oetinger.net\/wp-content\/uploads\/2025\/08\/IMG_9084-scaled.jpeg'><img loading=\"lazy\" decoding=\"async\" width=\"225\" height=\"300\" src=\"https:\/\/www.oetinger.net\/wp-content\/uploads\/2025\/08\/IMG_9084-225x300.jpeg\" class=\"attachment-medium size-medium\" alt=\"\" srcset=\"https:\/\/www.oetinger.net\/wp-content\/uploads\/2025\/08\/IMG_9084-225x300.jpeg 225w, https:\/\/www.oetinger.net\/wp-content\/uploads\/2025\/08\/IMG_9084-768x1024.jpeg 768w, https:\/\/www.oetinger.net\/wp-content\/uploads\/2025\/08\/IMG_9084-1152x1536.jpeg 1152w, https:\/\/www.oetinger.net\/wp-content\/uploads\/2025\/08\/IMG_9084-1536x2048.jpeg 1536w, https:\/\/www.oetinger.net\/wp-content\/uploads\/2025\/08\/IMG_9084-scaled.jpeg 1920w\" sizes=\"auto, (max-width: 225px) 100vw, 225px\" \/><\/a>\n\t\t\t<\/dt><\/dl><dl class='gallery-item'>\n\t\t\t<dt class='gallery-icon portrait'>\n\t\t\t\t<a href='https:\/\/www.oetinger.net\/wp-content\/uploads\/2025\/08\/IMG_8987-scaled.jpeg'><img loading=\"lazy\" decoding=\"async\" width=\"225\" height=\"300\" src=\"https:\/\/www.oetinger.net\/wp-content\/uploads\/2025\/08\/IMG_8987-225x300.jpeg\" class=\"attachment-medium size-medium\" alt=\"\" srcset=\"https:\/\/www.oetinger.net\/wp-content\/uploads\/2025\/08\/IMG_8987-225x300.jpeg 225w, https:\/\/www.oetinger.net\/wp-content\/uploads\/2025\/08\/IMG_8987-768x1024.jpeg 768w, https:\/\/www.oetinger.net\/wp-content\/uploads\/2025\/08\/IMG_8987-1152x1536.jpeg 1152w, https:\/\/www.oetinger.net\/wp-content\/uploads\/2025\/08\/IMG_8987-1536x2048.jpeg 1536w, https:\/\/www.oetinger.net\/wp-content\/uploads\/2025\/08\/IMG_8987-scaled.jpeg 1920w\" sizes=\"auto, (max-width: 225px) 100vw, 225px\" \/><\/a>\n\t\t\t<\/dt><\/dl><br style=\"clear: both\" \/><dl class='gallery-item'>\n\t\t\t<dt class='gallery-icon portrait'>\n\t\t\t\t<a href='https:\/\/www.oetinger.net\/wp-content\/uploads\/2025\/08\/IMG_9060-scaled.jpeg'><img loading=\"lazy\" decoding=\"async\" width=\"225\" height=\"300\" src=\"https:\/\/www.oetinger.net\/wp-content\/uploads\/2025\/08\/IMG_9060-225x300.jpeg\" class=\"attachment-medium size-medium\" alt=\"\" srcset=\"https:\/\/www.oetinger.net\/wp-content\/uploads\/2025\/08\/IMG_9060-225x300.jpeg 225w, https:\/\/www.oetinger.net\/wp-content\/uploads\/2025\/08\/IMG_9060-768x1024.jpeg 768w, https:\/\/www.oetinger.net\/wp-content\/uploads\/2025\/08\/IMG_9060-1152x1536.jpeg 1152w, https:\/\/www.oetinger.net\/wp-content\/uploads\/2025\/08\/IMG_9060-1536x2048.jpeg 1536w, https:\/\/www.oetinger.net\/wp-content\/uploads\/2025\/08\/IMG_9060-scaled.jpeg 1920w\" sizes=\"auto, (max-width: 225px) 100vw, 225px\" \/><\/a>\n\t\t\t<\/dt><\/dl><dl class='gallery-item'>\n\t\t\t<dt class='gallery-icon portrait'>\n\t\t\t\t<a href='https:\/\/www.oetinger.net\/wp-content\/uploads\/2025\/08\/IMG_8993-scaled.jpeg'><img loading=\"lazy\" decoding=\"async\" width=\"225\" height=\"300\" src=\"https:\/\/www.oetinger.net\/wp-content\/uploads\/2025\/08\/IMG_8993-225x300.jpeg\" class=\"attachment-medium size-medium\" alt=\"\" srcset=\"https:\/\/www.oetinger.net\/wp-content\/uploads\/2025\/08\/IMG_8993-225x300.jpeg 225w, https:\/\/www.oetinger.net\/wp-content\/uploads\/2025\/08\/IMG_8993-768x1024.jpeg 768w, https:\/\/www.oetinger.net\/wp-content\/uploads\/2025\/08\/IMG_8993-1152x1536.jpeg 1152w, https:\/\/www.oetinger.net\/wp-content\/uploads\/2025\/08\/IMG_8993-1536x2048.jpeg 1536w, https:\/\/www.oetinger.net\/wp-content\/uploads\/2025\/08\/IMG_8993-scaled.jpeg 1920w\" sizes=\"auto, (max-width: 225px) 100vw, 225px\" \/><\/a>\n\t\t\t<\/dt><\/dl><dl class='gallery-item'>\n\t\t\t<dt class='gallery-icon portrait'>\n\t\t\t\t<a href='https:\/\/www.oetinger.net\/wp-content\/uploads\/2025\/08\/IMG_8995-scaled.jpeg'><img loading=\"lazy\" decoding=\"async\" width=\"225\" height=\"300\" src=\"https:\/\/www.oetinger.net\/wp-content\/uploads\/2025\/08\/IMG_8995-225x300.jpeg\" class=\"attachment-medium size-medium\" alt=\"\" srcset=\"https:\/\/www.oetinger.net\/wp-content\/uploads\/2025\/08\/IMG_8995-225x300.jpeg 225w, https:\/\/www.oetinger.net\/wp-content\/uploads\/2025\/08\/IMG_8995-768x1024.jpeg 768w, https:\/\/www.oetinger.net\/wp-content\/uploads\/2025\/08\/IMG_8995-1152x1536.jpeg 1152w, https:\/\/www.oetinger.net\/wp-content\/uploads\/2025\/08\/IMG_8995-1536x2048.jpeg 1536w, https:\/\/www.oetinger.net\/wp-content\/uploads\/2025\/08\/IMG_8995-scaled.jpeg 1920w\" sizes=\"auto, (max-width: 225px) 100vw, 225px\" \/><\/a>\n\t\t\t<\/dt><\/dl><dl class='gallery-item'>\n\t\t\t<dt class='gallery-icon portrait'>\n\t\t\t\t<a href='https:\/\/www.oetinger.net\/wp-content\/uploads\/2025\/08\/IMG_9005-scaled.jpeg'><img loading=\"lazy\" decoding=\"async\" width=\"225\" height=\"300\" src=\"https:\/\/www.oetinger.net\/wp-content\/uploads\/2025\/08\/IMG_9005-225x300.jpeg\" class=\"attachment-medium size-medium\" alt=\"\" srcset=\"https:\/\/www.oetinger.net\/wp-content\/uploads\/2025\/08\/IMG_9005-225x300.jpeg 225w, https:\/\/www.oetinger.net\/wp-content\/uploads\/2025\/08\/IMG_9005-768x1024.jpeg 768w, https:\/\/www.oetinger.net\/wp-content\/uploads\/2025\/08\/IMG_9005-1152x1536.jpeg 1152w, https:\/\/www.oetinger.net\/wp-content\/uploads\/2025\/08\/IMG_9005-1536x2048.jpeg 1536w, https:\/\/www.oetinger.net\/wp-content\/uploads\/2025\/08\/IMG_9005-scaled.jpeg 1920w\" sizes=\"auto, (max-width: 225px) 100vw, 225px\" \/><\/a>\n\t\t\t<\/dt><\/dl><dl class='gallery-item'>\n\t\t\t<dt class='gallery-icon portrait'>\n\t\t\t\t<a href='https:\/\/www.oetinger.net\/wp-content\/uploads\/2025\/08\/IMG_9018-scaled.jpeg'><img loading=\"lazy\" decoding=\"async\" width=\"225\" height=\"300\" src=\"https:\/\/www.oetinger.net\/wp-content\/uploads\/2025\/08\/IMG_9018-225x300.jpeg\" class=\"attachment-medium size-medium\" alt=\"\" srcset=\"https:\/\/www.oetinger.net\/wp-content\/uploads\/2025\/08\/IMG_9018-225x300.jpeg 225w, https:\/\/www.oetinger.net\/wp-content\/uploads\/2025\/08\/IMG_9018-768x1024.jpeg 768w, https:\/\/www.oetinger.net\/wp-content\/uploads\/2025\/08\/IMG_9018-1152x1536.jpeg 1152w, https:\/\/www.oetinger.net\/wp-content\/uploads\/2025\/08\/IMG_9018-1536x2048.jpeg 1536w, https:\/\/www.oetinger.net\/wp-content\/uploads\/2025\/08\/IMG_9018-scaled.jpeg 1920w\" sizes=\"auto, (max-width: 225px) 100vw, 225px\" \/><\/a>\n\t\t\t<\/dt><\/dl><dl class='gallery-item'>\n\t\t\t<dt class='gallery-icon landscape'>\n\t\t\t\t<a href='https:\/\/www.oetinger.net\/wp-content\/uploads\/2025\/05\/recyklace-hlinikoveho-odpadu-z-domacnosti-clovece-recykluj-comax-9.jpg'><img loading=\"lazy\" decoding=\"async\" width=\"300\" height=\"200\" src=\"https:\/\/www.oetinger.net\/wp-content\/uploads\/2025\/05\/recyklace-hlinikoveho-odpadu-z-domacnosti-clovece-recykluj-comax-9-300x200.jpg\" class=\"attachment-medium size-medium\" alt=\"\" srcset=\"https:\/\/www.oetinger.net\/wp-content\/uploads\/2025\/05\/recyklace-hlinikoveho-odpadu-z-domacnosti-clovece-recykluj-comax-9-300x200.jpg 300w, https:\/\/www.oetinger.net\/wp-content\/uploads\/2025\/05\/recyklace-hlinikoveho-odpadu-z-domacnosti-clovece-recykluj-comax-9-1024x683.jpg 1024w, https:\/\/www.oetinger.net\/wp-content\/uploads\/2025\/05\/recyklace-hlinikoveho-odpadu-z-domacnosti-clovece-recykluj-comax-9-768x512.jpg 768w, https:\/\/www.oetinger.net\/wp-content\/uploads\/2025\/05\/recyklace-hlinikoveho-odpadu-z-domacnosti-clovece-recykluj-comax-9.jpg 1200w\" sizes=\"auto, (max-width: 300px) 100vw, 300px\" \/><\/a>\n\t\t\t<\/dt><\/dl><br style=\"clear: both\" \/><dl class='gallery-item'>\n\t\t\t<dt class='gallery-icon landscape'>\n\t\t\t\t<a href='https:\/\/www.oetinger.net\/wp-content\/uploads\/2025\/05\/recyklace-hlinikoveho-odpadu-z-domacnosti-clovece-recykluj-comax-10.jpg'><img loading=\"lazy\" decoding=\"async\" width=\"300\" height=\"200\" src=\"https:\/\/www.oetinger.net\/wp-content\/uploads\/2025\/05\/recyklace-hlinikoveho-odpadu-z-domacnosti-clovece-recykluj-comax-10-300x200.jpg\" class=\"attachment-medium size-medium\" alt=\"\" srcset=\"https:\/\/www.oetinger.net\/wp-content\/uploads\/2025\/05\/recyklace-hlinikoveho-odpadu-z-domacnosti-clovece-recykluj-comax-10-300x200.jpg 300w, https:\/\/www.oetinger.net\/wp-content\/uploads\/2025\/05\/recyklace-hlinikoveho-odpadu-z-domacnosti-clovece-recykluj-comax-10-1024x683.jpg 1024w, https:\/\/www.oetinger.net\/wp-content\/uploads\/2025\/05\/recyklace-hlinikoveho-odpadu-z-domacnosti-clovece-recykluj-comax-10-768x512.jpg 768w, https:\/\/www.oetinger.net\/wp-content\/uploads\/2025\/05\/recyklace-hlinikoveho-odpadu-z-domacnosti-clovece-recykluj-comax-10.jpg 1200w\" sizes=\"auto, (max-width: 300px) 100vw, 300px\" \/><\/a>\n\t\t\t<\/dt><\/dl>\n\t\t\t<br style='clear: both' \/>\n\t\t<\/div>\n\n<p>&nbsp;<\/p>\n<p><strong>P\u0158EDCHOZ\u00cd RO\u010cN\u00cdKY<\/strong><\/p>\n<p><strong>Fin\u00e1le 8. ro\u010dn\u00edku projektu je za n\u00e1mi.<\/strong><\/p>\n<p>Dne 25. \u010dervna 2025 <strong>vyvrcholil 8. ro\u010dn\u00edk<\/strong> projektu sb\u011bru hlin\u00edku na \u0161kol\u00e1ch St\u0159edo\u010desk\u00e9ho kraje. Patronem projektu je OETINGER CZ a do sb\u011bru jsou zapojeny \u0161koly v\u0161ech vzd\u011bl\u00e1vac\u00edch stup\u0148\u016f.<\/p>\n<p>Sb\u011brn\u00fd rok se kryje s obdob\u00edm \u0161koln\u00ed doch\u00e1zky, za\u010d\u00edn\u00e1 v z\u00e1\u0159\u00ed a vrchol\u00ed setk\u00e1n\u00edm nej\u00fasp\u011b\u0161n\u011bj\u0161\u00edch \u0161kol na \u017eiv\u00e9 exkurzi v huti u n\u00e1s ve Velvarech. Vyhodnocen\u00ed a fin\u00e1le prob\u00edh\u00e1 v posledn\u00edm \u010dervnov\u00e9m t\u00fddnu.<\/p>\n<p>Ve \u0161koln\u00edm roce 202\u010d\/2025 sb\u00edralo <strong>101 \u0161kol<\/strong>\u00a0a spole\u010dn\u011b nasb\u00edraly\u00a0<strong>p\u0159es<\/strong> <strong>8\u00a0tun<\/strong>\u00a0odpadov\u00e9ho hlin\u00edku z dom\u00e1cnost\u00ed.<\/p>\n<p><strong>V\u00fdsledky 8. ro\u010dn\u00edku sout\u011b\u017ee:<\/strong><\/p>\n<ol>\n<li>Prvn\u00ed m\u00edsto z\u00edskala<strong>\u00a0Z\u0160 M\u0161eno<\/strong><\/li>\n<li>Druh\u00e1 se um\u00edstila <strong>S\u0160 \u0159emesel a slu\u017eeb Stochov<\/strong><\/li>\n<li>T\u0159et\u00ed p\u0159\u00ed\u010dku obsadila <strong>Z\u0160 Velvary<\/strong><\/li>\n<\/ol>\n<p><strong>V po\u010dtu sebran\u00fdch kg na 1 \u017e\u00e1ka<\/strong>\u00a0zv\u00edt\u011bzila\u00a0<strong>M\u0160 Zavidov<\/strong>.<\/p>\n<p>&nbsp;<\/p>\n<hr \/>\n<p>V\u00edt\u011bz\u016fm 8. ro\u010dn\u00edku blahop\u0159ejeme a v\u0161em \u0161kol\u00e1m d\u011bkujeme za jejich pod\u00edl na sni\u017eov\u00e1n\u00ed uhl\u00edkov\u00e9 stopy.<br \/>\nChcete se do projektu taky zapojit? Zavolejte n\u00e1m na \u010d\u00edslo\u00a0<a href=\"tel:+420 732 763 919\">+420 732 763 919<\/a><\/p>\n","protected":false},"excerpt":{"rendered":"<p>\u267b\ufe0f O projektu \u010clov\u011b\u010de, recykluj je vzd\u011bl\u00e1vac\u00ed a ekologick\u00fd projekt zam\u011b\u0159en\u00fd na \u017e\u00e1ky z\u00e1kladn\u00edch \u0161kol, kter\u00fd podporuje sb\u011br a recyklaci hlin\u00edkov\u00fdch obal\u016f. C\u00edlem projektu je v\u00e9st d\u011bti k odpov\u011bdn\u00e9mu p\u0159\u00edstupu k \u017eivotn\u00edmu prost\u0159ed\u00ed a uk\u00e1zat jim, \u017ee i mal\u00e9 kroky mohou m\u00edt velk\u00fd dopad. Projekt m\u00e1 dlouholetou tradici a od \u0161koln\u00edho roku 2024\/2025 jej s [&hellip;]<\/p>\n","protected":false},"author":3,"featured_media":2894,"parent":0,"menu_order":0,"comment_status":"closed","ping_status":"closed","template":"cloveceRecykluj.php","meta":{"footnotes":""},"class_list":["post-2768","page","type-page","status-publish","has-post-thumbnail","hentry"],"yoast_head":"<!-- This site is optimized with the Yoast SEO plugin v27.4 - https:\/\/yoast.com\/product\/yoast-seo-wordpress\/ -->\n<title>\u010clov\u011b\u010de, recykluj - Oetinger Aluminium<\/title>\n<meta name=\"description\" content=\"Oetinger Aluminium\" \/>\n<meta name=\"robots\" content=\"index, follow, max-snippet:-1, max-image-preview:large, max-video-preview:-1\" \/>\n<link rel=\"canonical\" href=\"https:\/\/www.oetinger.net\/cs\/clovece-recykluj\/\" \/>\n<meta property=\"og:locale\" content=\"cs_CZ\" \/>\n<meta property=\"og:type\" content=\"article\" \/>\n<meta property=\"og:title\" content=\"\u010clov\u011b\u010de, recykluj - Oetinger Aluminium\" \/>\n<meta property=\"og:description\" content=\"Oetinger Aluminium\" \/>\n<meta property=\"og:url\" content=\"https:\/\/www.oetinger.net\/cs\/clovece-recykluj\/\" \/>\n<meta property=\"og:site_name\" content=\"Oetinger Aluminium\" \/>\n<meta property=\"article:modified_time\" content=\"2026-02-26T12:30:12+00:00\" \/>\n<meta property=\"og:image\" content=\"https:\/\/www.oetinger.net\/wp-content\/uploads\/2025\/05\/tin-cans-4348956_1920.jpg\" \/>\n\t<meta property=\"og:image:width\" content=\"1920\" \/>\n\t<meta property=\"og:image:height\" content=\"1440\" \/>\n\t<meta property=\"og:image:type\" content=\"image\/jpeg\" \/>\n<meta name=\"twitter:card\" content=\"summary_large_image\" \/>\n<meta name=\"twitter:label1\" content=\"Odhadovan\u00e1 doba \u010dten\u00ed\" \/>\n\t<meta name=\"twitter:data1\" content=\"6 minut\" \/>\n<script type=\"application\/ld+json\" class=\"yoast-schema-graph\">{\"@context\":\"https:\\\/\\\/schema.org\",\"@graph\":[{\"@type\":\"WebPage\",\"@id\":\"https:\\\/\\\/www.oetinger.net\\\/cs\\\/clovece-recykluj\\\/\",\"url\":\"https:\\\/\\\/www.oetinger.net\\\/cs\\\/clovece-recykluj\\\/\",\"name\":\"\u010clov\u011b\u010de, recykluj - Oetinger Aluminium\",\"isPartOf\":{\"@id\":\"https:\\\/\\\/www.oetinger.net\\\/cs\\\/#website\"},\"primaryImageOfPage\":{\"@id\":\"https:\\\/\\\/www.oetinger.net\\\/cs\\\/clovece-recykluj\\\/#primaryimage\"},\"image\":{\"@id\":\"https:\\\/\\\/www.oetinger.net\\\/cs\\\/clovece-recykluj\\\/#primaryimage\"},\"thumbnailUrl\":\"https:\\\/\\\/www.oetinger.net\\\/wp-content\\\/uploads\\\/2025\\\/05\\\/tin-cans-4348956_1920.jpg\",\"datePublished\":\"2025-05-07T09:12:35+00:00\",\"dateModified\":\"2026-02-26T12:30:12+00:00\",\"description\":\"Oetinger Aluminium\",\"breadcrumb\":{\"@id\":\"https:\\\/\\\/www.oetinger.net\\\/cs\\\/clovece-recykluj\\\/#breadcrumb\"},\"inLanguage\":\"cs\",\"potentialAction\":[{\"@type\":\"ReadAction\",\"target\":[\"https:\\\/\\\/www.oetinger.net\\\/cs\\\/clovece-recykluj\\\/\"]}]},{\"@type\":\"ImageObject\",\"inLanguage\":\"cs\",\"@id\":\"https:\\\/\\\/www.oetinger.net\\\/cs\\\/clovece-recykluj\\\/#primaryimage\",\"url\":\"https:\\\/\\\/www.oetinger.net\\\/wp-content\\\/uploads\\\/2025\\\/05\\\/tin-cans-4348956_1920.jpg\",\"contentUrl\":\"https:\\\/\\\/www.oetinger.net\\\/wp-content\\\/uploads\\\/2025\\\/05\\\/tin-cans-4348956_1920.jpg\",\"width\":1920,\"height\":1440},{\"@type\":\"BreadcrumbList\",\"@id\":\"https:\\\/\\\/www.oetinger.net\\\/cs\\\/clovece-recykluj\\\/#breadcrumb\",\"itemListElement\":[{\"@type\":\"ListItem\",\"position\":1,\"name\":\"Home\",\"item\":\"https:\\\/\\\/www.oetinger.net\\\/cs\\\/\"},{\"@type\":\"ListItem\",\"position\":2,\"name\":\"\u010clov\u011b\u010de, recykluj\"}]},{\"@type\":\"WebSite\",\"@id\":\"https:\\\/\\\/www.oetinger.net\\\/cs\\\/#website\",\"url\":\"https:\\\/\\\/www.oetinger.net\\\/cs\\\/\",\"name\":\"Oetinger\",\"description\":\"\",\"publisher\":{\"@id\":\"https:\\\/\\\/www.oetinger.net\\\/cs\\\/#organization\"},\"potentialAction\":[{\"@type\":\"SearchAction\",\"target\":{\"@type\":\"EntryPoint\",\"urlTemplate\":\"https:\\\/\\\/www.oetinger.net\\\/cs\\\/?s={search_term_string}\"},\"query-input\":{\"@type\":\"PropertyValueSpecification\",\"valueRequired\":true,\"valueName\":\"search_term_string\"}}],\"inLanguage\":\"cs\"},{\"@type\":\"Organization\",\"@id\":\"https:\\\/\\\/www.oetinger.net\\\/cs\\\/#organization\",\"name\":\"Oetinger\",\"url\":\"https:\\\/\\\/www.oetinger.net\\\/cs\\\/\",\"logo\":{\"@type\":\"ImageObject\",\"inLanguage\":\"cs\",\"@id\":\"https:\\\/\\\/www.oetinger.net\\\/cs\\\/#\\\/schema\\\/logo\\\/image\\\/\",\"url\":\"https:\\\/\\\/oetinger.bonderio.cz\\\/wp-content\\\/uploads\\\/2023\\\/09\\\/favicon.png\",\"contentUrl\":\"https:\\\/\\\/oetinger.bonderio.cz\\\/wp-content\\\/uploads\\\/2023\\\/09\\\/favicon.png\",\"width\":129,\"height\":128,\"caption\":\"Oetinger\"},\"image\":{\"@id\":\"https:\\\/\\\/www.oetinger.net\\\/cs\\\/#\\\/schema\\\/logo\\\/image\\\/\"}}]}<\/script>\n<!-- \/ Yoast SEO plugin. -->","yoast_head_json":{"title":"\u010clov\u011b\u010de, recykluj - Oetinger Aluminium","description":"Oetinger Aluminium","robots":{"index":"index","follow":"follow","max-snippet":"max-snippet:-1","max-image-preview":"max-image-preview:large","max-video-preview":"max-video-preview:-1"},"canonical":"https:\/\/www.oetinger.net\/cs\/clovece-recykluj\/","og_locale":"cs_CZ","og_type":"article","og_title":"\u010clov\u011b\u010de, recykluj - Oetinger Aluminium","og_description":"Oetinger Aluminium","og_url":"https:\/\/www.oetinger.net\/cs\/clovece-recykluj\/","og_site_name":"Oetinger Aluminium","article_modified_time":"2026-02-26T12:30:12+00:00","og_image":[{"width":1920,"height":1440,"url":"https:\/\/www.oetinger.net\/wp-content\/uploads\/2025\/05\/tin-cans-4348956_1920.jpg","type":"image\/jpeg"}],"twitter_card":"summary_large_image","twitter_misc":{"Odhadovan\u00e1 doba \u010dten\u00ed":"6 minut"},"schema":{"@context":"https:\/\/schema.org","@graph":[{"@type":"WebPage","@id":"https:\/\/www.oetinger.net\/cs\/clovece-recykluj\/","url":"https:\/\/www.oetinger.net\/cs\/clovece-recykluj\/","name":"\u010clov\u011b\u010de, recykluj - Oetinger Aluminium","isPartOf":{"@id":"https:\/\/www.oetinger.net\/cs\/#website"},"primaryImageOfPage":{"@id":"https:\/\/www.oetinger.net\/cs\/clovece-recykluj\/#primaryimage"},"image":{"@id":"https:\/\/www.oetinger.net\/cs\/clovece-recykluj\/#primaryimage"},"thumbnailUrl":"https:\/\/www.oetinger.net\/wp-content\/uploads\/2025\/05\/tin-cans-4348956_1920.jpg","datePublished":"2025-05-07T09:12:35+00:00","dateModified":"2026-02-26T12:30:12+00:00","description":"Oetinger Aluminium","breadcrumb":{"@id":"https:\/\/www.oetinger.net\/cs\/clovece-recykluj\/#breadcrumb"},"inLanguage":"cs","potentialAction":[{"@type":"ReadAction","target":["https:\/\/www.oetinger.net\/cs\/clovece-recykluj\/"]}]},{"@type":"ImageObject","inLanguage":"cs","@id":"https:\/\/www.oetinger.net\/cs\/clovece-recykluj\/#primaryimage","url":"https:\/\/www.oetinger.net\/wp-content\/uploads\/2025\/05\/tin-cans-4348956_1920.jpg","contentUrl":"https:\/\/www.oetinger.net\/wp-content\/uploads\/2025\/05\/tin-cans-4348956_1920.jpg","width":1920,"height":1440},{"@type":"BreadcrumbList","@id":"https:\/\/www.oetinger.net\/cs\/clovece-recykluj\/#breadcrumb","itemListElement":[{"@type":"ListItem","position":1,"name":"Home","item":"https:\/\/www.oetinger.net\/cs\/"},{"@type":"ListItem","position":2,"name":"\u010clov\u011b\u010de, recykluj"}]},{"@type":"WebSite","@id":"https:\/\/www.oetinger.net\/cs\/#website","url":"https:\/\/www.oetinger.net\/cs\/","name":"Oetinger","description":"","publisher":{"@id":"https:\/\/www.oetinger.net\/cs\/#organization"},"potentialAction":[{"@type":"SearchAction","target":{"@type":"EntryPoint","urlTemplate":"https:\/\/www.oetinger.net\/cs\/?s={search_term_string}"},"query-input":{"@type":"PropertyValueSpecification","valueRequired":true,"valueName":"search_term_string"}}],"inLanguage":"cs"},{"@type":"Organization","@id":"https:\/\/www.oetinger.net\/cs\/#organization","name":"Oetinger","url":"https:\/\/www.oetinger.net\/cs\/","logo":{"@type":"ImageObject","inLanguage":"cs","@id":"https:\/\/www.oetinger.net\/cs\/#\/schema\/logo\/image\/","url":"https:\/\/oetinger.bonderio.cz\/wp-content\/uploads\/2023\/09\/favicon.png","contentUrl":"https:\/\/oetinger.bonderio.cz\/wp-content\/uploads\/2023\/09\/favicon.png","width":129,"height":128,"caption":"Oetinger"},"image":{"@id":"https:\/\/www.oetinger.net\/cs\/#\/schema\/logo\/image\/"}}]}},"_links":{"self":[{"href":"https:\/\/www.oetinger.net\/cs\/wp-json\/wp\/v2\/pages\/2768","targetHints":{"allow":["GET"]}}],"collection":[{"href":"https:\/\/www.oetinger.net\/cs\/wp-json\/wp\/v2\/pages"}],"about":[{"href":"https:\/\/www.oetinger.net\/cs\/wp-json\/wp\/v2\/types\/page"}],"author":[{"embeddable":true,"href":"https:\/\/www.oetinger.net\/cs\/wp-json\/wp\/v2\/users\/3"}],"replies":[{"embeddable":true,"href":"https:\/\/www.oetinger.net\/cs\/wp-json\/wp\/v2\/comments?post=2768"}],"version-history":[{"count":66,"href":"https:\/\/www.oetinger.net\/cs\/wp-json\/wp\/v2\/pages\/2768\/revisions"}],"predecessor-version":[{"id":3224,"href":"https:\/\/www.oetinger.net\/cs\/wp-json\/wp\/v2\/pages\/2768\/revisions\/3224"}],"wp:featuredmedia":[{"embeddable":true,"href":"https:\/\/www.oetinger.net\/cs\/wp-json\/wp\/v2\/media\/2894"}],"wp:attachment":[{"href":"https:\/\/www.oetinger.net\/cs\/wp-json\/wp\/v2\/media?parent=2768"}],"curies":[{"name":"wp","href":"https:\/\/api.w.org\/{rel}","templated":true}]}}